{"id":1397,"date":"2016-07-24T02:43:11","date_gmt":"2016-07-24T02:43:11","guid":{"rendered":"https:\/\/theme-gavias.com\/wp\/kiamo\/?page_id=1397"},"modified":"2026-04-28T08:39:40","modified_gmt":"2026-04-28T08:39:40","slug":"news","status":"publish","type":"page","link":"https:\/\/cadone.it\/en\/news\/","title":{"rendered":"News"},"content":{"rendered":"<div class=\"vc_wpb_row_inner  \"><div class=\"vc_row wpb_row vc_row-fluid row-container\"><div class=\"container\"><div class=\"row \"><div class=\"wpb_column vc_column_container vc_col-sm-4\"><div class=\"vc_column-inner\"><div class=\"wpb_wrapper\">\n\t<div class=\"wpb_text_column wpb_content_element \" >\n\t\t<div class=\"wpb_wrapper\">\n\t\t\t<p><img loading=\"lazy\" decoding=\"async\" class=\"alignnone size-medium wp-image-3730\" src=\"https:\/\/cadone.it\/wp-content\/uploads\/2026\/04\/Screenshot-2026-04-28-alle-10.38.34-750x500.png\" alt=\"\" width=\"750\" height=\"500\" \/><\/p>\n<p>La gestione delle bolle di manomissione del suolo pubblico richiede precisione, conformit\u00e0 normativa e continuit\u00e0 operativa.<\/p>\n<p>CAD ONE si occupa dell\u2019intero processo: dalla compilazione alla gestione documentale, fino al coordinamento con gli enti competenti.<\/p>\n<p>Un servizio strutturato per garantire ordine, tracciabilit\u00e0 e rispetto delle procedure.<\/p>\n\n\t\t<\/div>\n\t<\/div>\n<\/div><\/div><\/div><div class=\"wpb_column vc_column_container vc_col-sm-4\"><div class=\"vc_column-inner\"><div class=\"wpb_wrapper\">\n\t<div class=\"wpb_text_column wpb_content_element \" >\n\t\t<div class=\"wpb_wrapper\">\n\t\t\t<p><img loading=\"lazy\" decoding=\"async\" class=\"alignnone size-medium wp-image-3729\" src=\"https:\/\/cadone.it\/wp-content\/uploads\/2026\/04\/Screenshot-2026-04-28-alle-10.36.43-750x500.png\" alt=\"\" width=\"750\" height=\"500\" \/>CAD ONE gestisce il servizio in modo organizzato, assicurando una copertura efficace sul territorio e il rispetto delle tempistiche previste.<\/p>\n<p>In che modo operiamo?<br \/>\n\u2022 affissione degli avvisi secondo normativa<br \/>\n\u2022 documentazione delle attivit\u00e0 svolte<br \/>\n\u2022 coordinamento operativo degli interventi<\/p>\n<p>Un supporto affidabile per attivit\u00e0 che non ammettono errori o ritardi!<\/p>\n\n\t\t<\/div>\n\t<\/div>\n<\/div><\/div><\/div><div class=\"wpb_column vc_column_container vc_col-sm-4\"><div class=\"vc_column-inner\"><div class=\"wpb_wrapper\">\n\t<div class=\"wpb_text_column wpb_content_element \" >\n\t\t<div class=\"wpb_wrapper\">\n\t\t\t<p><img loading=\"lazy\" decoding=\"async\" class=\"alignnone size-medium wp-image-3726\" src=\"https:\/\/cadone.it\/wp-content\/uploads\/2026\/03\/CADONE_social-standard-750x500.jpg\" alt=\"\" width=\"750\" height=\"500\" \/>Digitalizzare un archivio comunale sembra semplice, ma non lo \u00e8!<\/p>\n<p>\u00c8 un processo strategico che, se fatto bene, cambia davvero il modo di lavorare.<br \/>\nMa ci sono aspetti che spesso vengono sottovalutati:<\/p>\n<p>\u2022 La qualit\u00e0 e l\u2019organizzazione dei dati di partenza<br \/>\n\u2022 La definizione di standard e metadati<br \/>\n\u2022 La ricerca e l\u2019accesso alle informazioni nel tempo<br \/>\n\u2022 L\u2019integrazione con i sistemi esistenti<br \/>\n\u2022 La gestione sicura e conforme dei documenti<\/p>\n<p>\u00c8 qui che fa la differenza avere un metodo, non solo strumenti.<\/p>\n<p>Scrivici per richiedere una consulenza sullo stato del tuo archivio! info@cadone.it<\/p>\n\n\t\t<\/div>\n\t<\/div>\n<\/div><\/div><\/div><\/div><\/div><\/div><\/div><div class=\"vc_wpb_row_inner  \"><div class=\"vc_row wpb_row vc_row-fluid row-container\"><div class=\"container\"><div class=\"row \"><div class=\"wpb_column vc_column_container vc_col-sm-4\"><div class=\"vc_column-inner\"><div class=\"wpb_wrapper\">\n\t<div class=\"wpb_text_column wpb_content_element \" >\n\t\t<div class=\"wpb_wrapper\">\n\t\t\t<p><img loading=\"lazy\" decoding=\"async\" class=\"alignnone size-medium wp-image-3724\" src=\"https:\/\/cadone.it\/wp-content\/uploads\/2026\/03\/655257717_1537044128427603_1107257485539604626_n-750x500.jpg\" alt=\"\" width=\"750\" height=\"500\" \/>Digitalizza. Organizza. Riprendi il controllo.\u00a0<span class=\"html-span xexx8yu xyri2b x18d9i69 x1c1uobl x1hl2dhg x16tdsg8 x1vvkbs x3nfvp2 x1j61x8r x1fcty0u xdj266r xat24cr xm2jcoa x1mpyi22 xxymvpz xlup9mm x1kky2od\"><img loading=\"lazy\" decoding=\"async\" class=\"xz74otr x15mokao x1ga7v0g x16uus16 xbiv7yw\" src=\"https:\/\/static.xx.fbcdn.net\/images\/emoji.php\/v9\/tca\/3\/16\/1f4bb.png\" alt=\"\ud83d\udcbb\" width=\"16\" height=\"16\" \/><\/span><br class=\"html-br\" \/><br class=\"html-br\" \/>\u2022 Scansione documenti da A5 a grandi formati<br class=\"html-br\" \/>\u2022 Selezione mirata delle pratiche<br class=\"html-br\" \/>\u2022 Integrazione diretta nei software GIS<br class=\"html-br\" \/><br class=\"html-br\" \/>Meno carta, pi\u00f9 efficienza.<\/p>\n\n\t\t<\/div>\n\t<\/div>\n<\/div><\/div><\/div><div class=\"wpb_column vc_column_container vc_col-sm-4\"><div class=\"vc_column-inner\"><div class=\"wpb_wrapper\">\n\t<div class=\"wpb_text_column wpb_content_element \" >\n\t\t<div class=\"wpb_wrapper\">\n\t\t\t<p><img loading=\"lazy\" decoding=\"async\" class=\"alignnone size-medium wp-image-3720\" src=\"https:\/\/cadone.it\/wp-content\/uploads\/2026\/03\/cad_10-marzo-750x500.png\" alt=\"\" width=\"750\" height=\"500\" \/>In CAD ONE supportiamo aziende e organizzazioni con attivit\u00e0 operative e gestionali che spesso restano invisibili, ma che fanno la differenza tra un processo che rallenta e uno che scorre senza attriti.<\/p>\n<p>&#8211; Servizi di help desk da remoto per garantire supporto rapido e continuo<br \/>\n&#8211; Gestione delle bolle di manomissione del suolo pubblico, con precisione e tracciabilit\u00e0<br \/>\n&#8211; Caricamento e aggiornamento dati su applicativi aziendali (come SAP e altri sistemi gestionali)<br \/>\n&#8211; Co-creazione di soluzioni operative, lavorando in partnership con i nostri clienti<br \/>\n&#8211; Posa degli avvisi di sospensione utenze, gestita con puntualit\u00e0 e affidabilit\u00e0<\/p>\n<p>Il nostro obiettivo \u00e8 semplice: alleggerire il carico operativo delle aziende, migliorando l\u2019efficienza dei processi e liberando risorse per attivit\u00e0 a maggiore valore. Se cerchi un partner operativo affidabile per la gestione delle attivit\u00e0 di back office, CAD ONE \u00e8 al tuo fianco! \ud83d\udcab<\/p>\n\n\t\t<\/div>\n\t<\/div>\n<\/div><\/div><\/div><div class=\"wpb_column vc_column_container vc_col-sm-4\"><div class=\"vc_column-inner\"><div class=\"wpb_wrapper\">\n\t<div class=\"wpb_text_column wpb_content_element \" >\n\t\t<div class=\"wpb_wrapper\">\n\t\t\t<div class=\"xdj266r x14z9mp xat24cr x1lziwak x1vvkbs x126k92a\">\n<div dir=\"auto\"><img loading=\"lazy\" decoding=\"async\" class=\"alignnone size-medium wp-image-3721\" src=\"https:\/\/cadone.it\/wp-content\/uploads\/2026\/03\/Screenshot-2026-02-17-alle-12.58.20-750x500.png\" alt=\"\" width=\"750\" height=\"500\" \/>CAD ONE ha ottenuto le certificazioni UNI EN ISO 9001 e ISO 14001, attestando ufficialmente la conformit\u00e0 del proprio Sistema di Gestione per la Qualit\u00e0 e per la Gestione Ambientale agli standard internazionali.<\/div>\n<\/div>\n<div class=\"x14z9mp xat24cr x1lziwak x1vvkbs xtlvy1s x126k92a\">\n<div dir=\"auto\">Questo traguardo certifica un modello organizzativo strutturato, orientato al miglioramento continuo, all\u2019efficienza dei processi e alla riduzione dell\u2019impatto ambientale.<\/div>\n<div dir=\"auto\"><\/div>\n<\/div>\n<div class=\"x14z9mp xat24cr x1lziwak x1vvkbs xtlvy1s x126k92a\">\n<div dir=\"auto\">Con la certificazione UNI EN ISO 9001, CAD ONE garantisce standard elevati nella gestione dei processi aziendali e nella soddisfazione del cliente <span class=\"html-span xexx8yu xyri2b x18d9i69 x1c1uobl x1hl2dhg x16tdsg8 x1vvkbs x3nfvp2 x1j61x8r x1fcty0u xdj266r xat24cr xm2jcoa x1mpyi22 xxymvpz xlup9mm x1kky2od\"><img loading=\"lazy\" decoding=\"async\" class=\"xz74otr x15mokao x1ga7v0g x16uus16 xbiv7yw\" src=\"https:\/\/static.xx.fbcdn.net\/images\/emoji.php\/v9\/t2b\/3\/16\/1f4ab.png\" alt=\"\ud83d\udcab\" width=\"16\" height=\"16\" \/><\/span>, con la certificazione ISO 14001, conferma il proprio impegno concreto verso la sostenibilit\u00e0 e la responsabilit\u00e0 ambientale <span class=\"html-span xexx8yu xyri2b x18d9i69 x1c1uobl x1hl2dhg x16tdsg8 x1vvkbs x3nfvp2 x1j61x8r x1fcty0u xdj266r xat24cr xm2jcoa x1mpyi22 xxymvpz xlup9mm x1kky2od\"><img loading=\"lazy\" decoding=\"async\" class=\"xz74otr x15mokao x1ga7v0g x16uus16 xbiv7yw\" src=\"https:\/\/static.xx.fbcdn.net\/images\/emoji.php\/v9\/ta7\/3\/16\/1f331.png\" alt=\"\ud83c\udf31\" width=\"16\" height=\"16\" \/><\/span><\/div>\n<div dir=\"auto\"><\/div>\n<\/div>\n<div class=\"x14z9mp xat24cr x1lziwak x1vvkbs xtlvy1s x126k92a\">\n<div dir=\"auto\">Un risultato che rafforza la nostra affidabilit\u00e0 e consolida la fiducia di clienti e partner! <span class=\"html-span xexx8yu xyri2b x18d9i69 x1c1uobl x1hl2dhg x16tdsg8 x1vvkbs x3nfvp2 x1j61x8r x1fcty0u xdj266r xat24cr xm2jcoa x1mpyi22 xxymvpz xlup9mm x1kky2od\"><img loading=\"lazy\" decoding=\"async\" class=\"xz74otr x15mokao x1ga7v0g x16uus16 xbiv7yw\" src=\"https:\/\/static.xx.fbcdn.net\/images\/emoji.php\/v9\/t8e\/3\/16\/1f525.png\" alt=\"\ud83d\udd25\" width=\"16\" height=\"16\" \/><\/span><\/div>\n<\/div>\n\n\t\t<\/div>\n\t<\/div>\n<\/div><\/div><\/div><\/div><\/div><\/div><\/div><div class=\"vc_wpb_row_inner  \"><div class=\"vc_row wpb_row vc_row-fluid row-container\"><div class=\"container\"><div class=\"row \"><div class=\"wpb_column vc_column_container vc_col-sm-4\"><div class=\"vc_column-inner\"><div class=\"wpb_wrapper\">\n\t<div class=\"wpb_text_column wpb_content_element \" >\n\t\t<div class=\"wpb_wrapper\">\n\t\t\t<div class=\"kvgmc6g5 cxmmr5t8 oygrvhab hcukyx3x c1et5uql ii04i59q\">\n<div dir=\"auto\">\n<div dir=\"ltr\">\n<p><img loading=\"lazy\" decoding=\"async\" class=\"alignnone size-medium wp-image-3705\" src=\"https:\/\/cadone.it\/wp-content\/uploads\/2026\/01\/1767697226261-750x500.jpeg\" alt=\"\" width=\"750\" height=\"500\" \/><\/p>\n<p><strong>CAD ONE: un unico punto di riferimento per la progettazione, la scansione documentale e la stampa per Enti Pubblici e Privati\u00a0<\/strong><\/p>\n<p>Da oltre 30 anni, CAD ONE \u00e8 un punto di riferimento per studi, aziende e istituzioni pubbliche che cercano un partner unico e affidabile nella progettazione, scansione documentale e vettorizzazione. \u270d<\/p>\n<\/div>\n<\/div>\n<\/div>\n\n\t\t<\/div>\n\t<\/div>\n<\/div><\/div><\/div><div class=\"wpb_column vc_column_container vc_col-sm-4\"><div class=\"vc_column-inner\"><div class=\"wpb_wrapper\">\n\t<div class=\"wpb_text_column wpb_content_element \" >\n\t\t<div class=\"wpb_wrapper\">\n\t\t\t<div class=\"kvgmc6g5 cxmmr5t8 oygrvhab hcukyx3x c1et5uql ii04i59q\">\n<div dir=\"auto\">\n<div dir=\"ltr\">\n<p><img loading=\"lazy\" decoding=\"async\" class=\"alignnone size-medium wp-image-3698\" src=\"https:\/\/cadone.it\/wp-content\/uploads\/2026\/01\/IMG_1911-e1768900110157-750x500.jpg\" alt=\"\" width=\"750\" height=\"500\" \/><\/p>\n<p><strong>Serata di Team building per CAD ONE e Eliografia Camandona!<\/strong><\/p>\n<p>Abbiamo passato una bellissima serata di team building !\u2728 Dopo una visita alle Gallerie d&#8217;Italia a vedere la mostra di Jeff Wall, ci siamo goduti degli ottimi piatti allo storico Caff\u00e8 della Basilica \ud83e\udd42<\/p>\n<\/div>\n<\/div>\n<\/div>\n\n\t\t<\/div>\n\t<\/div>\n<\/div><\/div><\/div><div class=\"wpb_column vc_column_container vc_col-sm-4\"><div class=\"vc_column-inner\"><div class=\"wpb_wrapper\">\n\t<div class=\"wpb_text_column wpb_content_element \" >\n\t\t<div class=\"wpb_wrapper\">\n\t\t\t<div class=\"kvgmc6g5 cxmmr5t8 oygrvhab hcukyx3x c1et5uql ii04i59q\">\n<div dir=\"auto\">\n<div dir=\"ltr\">\n<p><b><img loading=\"lazy\" decoding=\"async\" class=\"alignnone size-medium wp-image-3675\" src=\"https:\/\/cadone.it\/wp-content\/uploads\/2025\/08\/Screenshot-2025-08-22-alle-16.43.35-730x500.png\" alt=\"\" width=\"730\" height=\"500\" \/>CAD ONE <\/b>\u2013 <strong>Nuova opportunit\u00e0 professionale a Torino<\/strong><\/p>\n<\/div>\n<div dir=\"ltr\">\n<p>Chi cerchiamo:<br \/>\n&#8211; Diploma tecnico o laurea triennale in ambito tecnico\/ingegneristico\/architettura<br \/>\n&#8211; Esperienza professionale, anche maturata in altri settori<br \/>\n&#8211; Et\u00e0 preferibilmente over 35<br \/>\n&#8211; Buona padronanza di AutoCAD Architettonico<br \/>\n&#8211; Buone capacit\u00e0 manageriali o attitudine a gestire attivit\u00e0 e persone<br \/>\n&#8211; Empatia, capacit\u00e0 di relazione e predisposizione al lavoro in team<br \/>\n&#8211; Voglia di imparare e mettersi in gioco<\/p>\n<\/div>\n<div dir=\"ltr\">\n<p>Se pensi di avere le caratteristiche giuste, invia il tuo CV a: <a class=\"moz-txt-link-abbreviated\" href=\"mailto:cadone39@gmail.com\">cadone39@gmail.com<\/a><\/p>\n<\/div>\n<\/div>\n<\/div>\n\n\t\t<\/div>\n\t<\/div>\n<\/div><\/div><\/div><\/div><\/div><\/div><\/div><div class=\"vc_wpb_row_inner  \"><div class=\"vc_row wpb_row vc_row-fluid row-container\"><div class=\"container\"><div class=\"row \"><div class=\"wpb_column vc_column_container vc_col-sm-4\"><div class=\"vc_column-inner\"><div class=\"wpb_wrapper\">\n\t<div class=\"wpb_text_column wpb_content_element \" >\n\t\t<div class=\"wpb_wrapper\">\n\t\t\t<p><img loading=\"lazy\" decoding=\"async\" class=\"alignnone size-medium wp-image-3665\" src=\"https:\/\/cadone.it\/wp-content\/uploads\/2025\/06\/Screenshot-2025-06-10-alle-11.09.49-750x500.png\" alt=\"\" width=\"750\" height=\"500\" \/><strong>Visione, esperienza e incoscienza: intervista a Tiziana Varetto di CAD ONE<\/strong><\/p>\n<p>[&#8230;Dopo gli studi scientifici e l\u2019esperienza nell\u2019azienda di famiglia (Eliografia Camandona, ndr), ha fondato CAD ONE negli anni \u201990, anticipando l\u2019importanza del CAD nella progettazione tecnica. Oggi, l\u2019azienda offre servizi che spaziano dalla\u00a0<strong>progettazione di reti di teleriscaldamento, fibra ottica e reti idriche<\/strong>, alla\u00a0<strong>scansione documentale per la Pubblica Amministrazione<\/strong>. &#8230;]<\/p>\n<p>Leggi l&#8217;intervista completa <em><a href=\"https:\/\/www.reseau-entreprendre.org\/piemonte\/2025\/06\/05\/visione-esperienza-e-incoscienza-intervista-a-tiziana-varetto-di-cad-one\/\">qui<\/a>.<\/em><\/p>\n\n\t\t<\/div>\n\t<\/div>\n<\/div><\/div><\/div><div class=\"wpb_column vc_column_container vc_col-sm-4\"><div class=\"vc_column-inner\"><div class=\"wpb_wrapper\">\n\t<div class=\"wpb_text_column wpb_content_element \" >\n\t\t<div class=\"wpb_wrapper\">\n\t\t\t<p><img loading=\"lazy\" decoding=\"async\" class=\"alignnone size-medium wp-image-3667\" src=\"https:\/\/cadone.it\/wp-content\/uploads\/2025\/06\/1747733867777-750x500.jpeg\" alt=\"\" width=\"750\" height=\"500\" \/>Da CAD ONE ti possiamo aiutare con la stampa digitale di piccolo, medio e grande formato. Inoltre siamo specializzati in plottaggio, sia a colori sia in b\/n, di tavole tecniche e poster in alta risoluzione su supporti di diversa grammatura e qualit\u00e0.<br \/>\nVuoi un preventivo? Contattaci o vieni a trovarci in Corso Brescia 39 (interno cortile) \u26a1<\/p>\n\n\t\t<\/div>\n\t<\/div>\n<\/div><\/div><\/div><div class=\"wpb_column vc_column_container vc_col-sm-4\"><div class=\"vc_column-inner\"><div class=\"wpb_wrapper\">\n\t<div class=\"wpb_text_column wpb_content_element \" >\n\t\t<div class=\"wpb_wrapper\">\n\t\t\t<div class=\"kvgmc6g5 cxmmr5t8 oygrvhab hcukyx3x c1et5uql ii04i59q\">\n<div dir=\"auto\">\n<p><img loading=\"lazy\" decoding=\"async\" class=\"alignnone size-medium wp-image-3668\" src=\"https:\/\/cadone.it\/wp-content\/uploads\/2025\/06\/1748343274440-750x500.jpeg\" alt=\"\" width=\"750\" height=\"500\" \/>I Il 26 Maggio 2025 con <a class=\"gQkgwqySbZfpxGEstmdeOKEBqibkNWt \" tabindex=\"0\" href=\"https:\/\/www.linkedin.com\/company\/re_piemonte\/\" target=\"_self\" data-test-app-aware-link=\"\">R\u00e9seau Entreprendre Piemonte<\/a> , abbiamo partecipato a all\u2019evento Close to Me, di <a class=\"gQkgwqySbZfpxGEstmdeOKEBqibkNWt \" tabindex=\"0\" href=\"https:\/\/www.linkedin.com\/company\/tedxtorino\/\" target=\"_self\" data-test-app-aware-link=\"\">TEDxTorino<\/a> :<br \/>\nun invito a riavvicinarci a noi stessi, agli altri e al momento presente, in un mondo ormai troppo frenetico e rumoroso.<br \/>\n\ud83d\udccd<a id=\"ember1233\" class=\"ember-view\" href=\"https:\/\/www.linkedin.com\/in\/teatro-regio-torino-15b2822a2\/\">Teatro Regio Torino<\/a><\/p>\n<\/div>\n<\/div>\n\n\t\t<\/div>\n\t<\/div>\n<\/div><\/div><\/div><\/div><\/div><\/div><\/div><div class=\"vc_wpb_row_inner  \"><div class=\"vc_row wpb_row vc_row-fluid row-container\"><div class=\"container\"><div class=\"row \"><div class=\"wpb_column vc_column_container vc_col-sm-4\"><div class=\"vc_column-inner\"><div class=\"wpb_wrapper\">\n\t<div class=\"wpb_text_column wpb_content_element \" >\n\t\t<div class=\"wpb_wrapper\">\n\t\t\t<p><img loading=\"lazy\" decoding=\"async\" class=\"alignnone size-medium wp-image-3557\" src=\"https:\/\/cadone.it\/wp-content\/uploads\/2025\/01\/Screenshot-2025-01-21-alle-11.50.44-750x500.png\" alt=\"\" width=\"750\" height=\"500\" \/>Venerd\u00ec sera i team di CAD ONE e Eliografia Camandona si sono riuniti al ristorante\u00a0<a class=\"x1i10hfl xjbqb8w x1ejq31n xd10rxx x1sy0etr x17r0tee x972fbf xcfux6l x1qhh985 xm0m39n x9f619 x1ypdohk xt0psk2 xe8uvvx xdj266r x11i5rnm xat24cr x1mh8g0r xexx8yu x4uap5 x18d9i69 xkhd6sd x16tdsg8 x1hl2dhg xggy1nq x1a2a7pz notranslate _a6hd\" tabindex=\"0\" role=\"link\" href=\"https:\/\/www.instagram.com\/anticobalon\/\">@anticobalon<\/a>\u00a0per una cena aziendale davvero speciale: tra risate, buon cibo e ottima compagnia, la nostra serata \u00e8 stata un momento perfetto per festeggiare insieme i traguardi raggiunti&#8230; e concederci qualche abbuffata!\ud83c\udf77<\/p>\n<p>ma non \u00e8 finita qui!<br \/>\nCi siamo sfidati, divisi tra paradiso e inferno, ad un gioco di enigmi e indovinelli..<br \/>\nStay tuned per scoprire com\u2019\u00e8 andata e chi ha vinto!<\/p>\n\n\t\t<\/div>\n\t<\/div>\n<\/div><\/div><\/div><div class=\"wpb_column vc_column_container vc_col-sm-4\"><div class=\"vc_column-inner\"><div class=\"wpb_wrapper\">\n\t<div class=\"wpb_text_column wpb_content_element \" >\n\t\t<div class=\"wpb_wrapper\">\n\t\t\t<p><img loading=\"lazy\" decoding=\"async\" class=\"alignnone size-medium wp-image-3556\" src=\"https:\/\/cadone.it\/wp-content\/uploads\/2025\/01\/Screenshot-2025-01-21-alle-11.50.01-750x500.png\" alt=\"\" width=\"750\" height=\"500\" \/>Il nostro comitato di\u00a0<a class=\"x1i10hfl xjbqb8w x1ejq31n xd10rxx x1sy0etr x17r0tee x972fbf xcfux6l x1qhh985 xm0m39n x9f619 x1ypdohk xt0psk2 xe8uvvx xdj266r x11i5rnm xat24cr x1mh8g0r xexx8yu x4uap5 x18d9i69 xkhd6sd x16tdsg8 x1hl2dhg xggy1nq x1a2a7pz notranslate _a6hd\" tabindex=\"0\" role=\"link\" href=\"https:\/\/www.instagram.com\/reseauentreprendrepiemonte\/\">@reseauentreprendrepiemonte<\/a>\u00a0a Biella per dare il benvenuto a\u00a0<a class=\"x1i10hfl xjbqb8w x1ejq31n xd10rxx x1sy0etr x17r0tee x972fbf xcfux6l x1qhh985 xm0m39n x9f619 x1ypdohk xt0psk2 xe8uvvx xdj266r x11i5rnm xat24cr x1mh8g0r xexx8yu x4uap5 x18d9i69 xkhd6sd x16tdsg8 x1hl2dhg xggy1nq x1a2a7pz notranslate _a6hd\" tabindex=\"0\" role=\"link\" href=\"https:\/\/www.instagram.com\/labalocchina\/\">@labalocchina<\/a>\u00a0, il primo riso plastic free, unico al mondo! \ud83c\udf0e<\/p>\n\n\t\t<\/div>\n\t<\/div>\n<\/div><\/div><\/div><div class=\"wpb_column vc_column_container vc_col-sm-4\"><div class=\"vc_column-inner\"><div class=\"wpb_wrapper\">\n\t<div class=\"wpb_text_column wpb_content_element \" >\n\t\t<div class=\"wpb_wrapper\">\n\t\t\t<div class=\"kvgmc6g5 cxmmr5t8 oygrvhab hcukyx3x c1et5uql ii04i59q\">\n<div dir=\"auto\">\n<p><img loading=\"lazy\" decoding=\"async\" class=\"alignnone size-medium wp-image-3555\" src=\"https:\/\/cadone.it\/wp-content\/uploads\/2025\/01\/Screenshot-2025-01-21-alle-11.48.43-750x500.png\" alt=\"\" width=\"750\" height=\"500\" \/>A fine Giugno 2024, presso la sede di <a class=\"x1i10hfl xjbqb8w x1ejq31n xd10rxx x1sy0etr x17r0tee x972fbf xcfux6l x1qhh985 xm0m39n x9f619 x1ypdohk xt0psk2 xe8uvvx xdj266r x11i5rnm xat24cr x1mh8g0r xexx8yu x4uap5 x18d9i69 xkhd6sd x16tdsg8 x1hl2dhg xggy1nq x1a2a7pz notranslate _a6hd\" tabindex=\"0\" role=\"link\" href=\"https:\/\/www.instagram.com\/confindustria_cuneo\/\">@confindustria_cuneo<\/a>\u00a0si \u00e8 conclusa la 6\u00aa edizione dell&#8217;Agribusiness Innovation Lab, un programma di accelerazione nato nelle sezioni territoriali di Alba e Cuneo e dedicato alle startup dei settori Agricoltura\/Agritech, Food&amp;Wine, Turismo e Sostenibilit\u00e0, lanciato da\u00a0<a class=\"x1i10hfl xjbqb8w x1ejq31n xd10rxx x1sy0etr x17r0tee x972fbf xcfux6l x1qhh985 xm0m39n x9f619 x1ypdohk xt0psk2 xe8uvvx xdj266r x11i5rnm xat24cr x1mh8g0r xexx8yu x4uap5 x18d9i69 xkhd6sd x16tdsg8 x1hl2dhg xggy1nq x1a2a7pz notranslate _a6hd\" tabindex=\"0\" role=\"link\" href=\"https:\/\/www.instagram.com\/reseauentreprendrepiemonte\/\">@reseauentreprendrepiemonte<\/a>\u00a0.<\/p>\n<p>CAD ONE era presente, come sempre! \ud83d\udcaa<\/p>\n<\/div>\n<\/div>\n\n\t\t<\/div>\n\t<\/div>\n<\/div><\/div><\/div><\/div><\/div><\/div><\/div><div class=\"vc_wpb_row_inner  \"><div class=\"vc_row wpb_row vc_row-fluid row-container\"><div class=\"container\"><div class=\"row \"><div class=\"wpb_column vc_column_container vc_col-sm-4\"><div class=\"vc_column-inner\"><div class=\"wpb_wrapper\">\n\t<div class=\"wpb_text_column wpb_content_element \" >\n\t\t<div class=\"wpb_wrapper\">\n\t\t\t<p><img loading=\"lazy\" decoding=\"async\" class=\"alignnone size-medium wp-image-3549\" src=\"https:\/\/cadone.it\/wp-content\/uploads\/2024\/05\/336223443_771357847534137_3773820951188405188_n-750x500.jpg\" alt=\"\" width=\"750\" height=\"500\" \/><\/p>\n<p>Cerchi un lavoro come Disegnatore\/Progettista CAD? ?<br \/>\nDa CAD ONE abbiamo posizione aperta per attivit\u00e0 di progettazione relativa alle reti tecnologiche e attivit\u00e0 varie di cartografia.<\/p>\n<p>Potrebbe interessarti? Inviaci un tuo CV a tiziana.varetto@cadone.it!<\/p>\n\n\t\t<\/div>\n\t<\/div>\n<\/div><\/div><\/div><div class=\"wpb_column vc_column_container vc_col-sm-4\"><div class=\"vc_column-inner\"><div class=\"wpb_wrapper\">\n\t<div class=\"wpb_text_column wpb_content_element \" >\n\t\t<div class=\"wpb_wrapper\">\n\t\t\t<p><img loading=\"lazy\" decoding=\"async\" class=\"alignnone size-medium wp-image-3550\" src=\"https:\/\/cadone.it\/wp-content\/uploads\/2024\/05\/Screenshot-2024-05-23-alle-09.55.39-750x500.png\" alt=\"\" width=\"750\" height=\"500\" \/><\/p>\n<p>L\u2019AI \u00e8 il futuro! ? Ieri sera, nella sede del\u00a0<a class=\"x1i10hfl xjbqb8w x1ejq31n xd10rxx x1sy0etr x17r0tee x972fbf xcfux6l x1qhh985 xm0m39n x9f619 x1ypdohk xt0psk2 xe8uvvx xdj266r x11i5rnm xat24cr x1mh8g0r xexx8yu x4uap5 x18d9i69 xkhd6sd x16tdsg8 x1hl2dhg xggy1nq x1a2a7pz notranslate _a6hd\" tabindex=\"0\" role=\"link\" href=\"https:\/\/www.instagram.com\/reseauentreprendrepiemonte\/\">@reseauentreprendrepiemonte<\/a> , \u00e8 andato in scena un frizzante incontro sull\u2019AI, capitanato da Mattia Merlo &#8211; Operation Manager di REP. A seguito del corso sul tema, i soci hanno dimostrato di essere pronti a cavalcare l\u2019onda del futuro. Non sono mancati gli interventi di Matteo Pont, Alan Perotti e Jacopo Romei, che hanno arricchito la serata con le loro intuizioni. E, come sempre, CAD ONE era presente con il suo entusiasmo!<\/p>\n\n\t\t<\/div>\n\t<\/div>\n<\/div><\/div><\/div><div class=\"wpb_column vc_column_container vc_col-sm-4\"><div class=\"vc_column-inner\"><div class=\"wpb_wrapper\">\n\t<div class=\"wpb_text_column wpb_content_element \" >\n\t\t<div class=\"wpb_wrapper\">\n\t\t\t<div class=\"kvgmc6g5 cxmmr5t8 oygrvhab hcukyx3x c1et5uql ii04i59q\">\n<div dir=\"auto\"><span class=\"pq6dq46d tbxw36s4 knj5qynh kvgmc6g5 ditlmg2l oygrvhab nvdbi5me sf5mxxl7 gl3lb2sf hhz5lgdu\"><span class=\"x3nfvp2 x1j61x8r x1fcty0u xdj266r xhhsvwb xat24cr xgzva0m xxymvpz xlup9mm x1kky2od\"><img loading=\"lazy\" decoding=\"async\" class=\"alignnone size-medium wp-image-3551\" src=\"https:\/\/cadone.it\/wp-content\/uploads\/2024\/05\/1714474126665-750x500.jpeg\" alt=\"\" width=\"750\" height=\"500\" \/><\/span><\/span><\/div>\n<div dir=\"auto\"><\/div>\n<div dir=\"auto\"><span class=\"pq6dq46d tbxw36s4 knj5qynh kvgmc6g5 ditlmg2l oygrvhab nvdbi5me sf5mxxl7 gl3lb2sf hhz5lgdu\"><span class=\"x3nfvp2 x1j61x8r x1fcty0u xdj266r xhhsvwb xat24cr xgzva0m xxymvpz xlup9mm x1kky2od\">\u26a1 La progettazione di una linea di distribuzione dell&#8217;energia elettrica\u00a0a media e bassa tensione necessita di nozioni tecniche e operative che tuttora sono poco diffuse.<br \/>\nCAD ONE \u00e8 in grado di svolgere dinamicamente tutte le attivit\u00e0 di progettazione\u00a0di linee MT e BT, nel rispetto della legislazione vigente, delle relative norme tecniche e dei requisisti specifici.<br \/>\n<\/span><\/span><\/div>\n<\/div>\n\n\t\t<\/div>\n\t<\/div>\n<\/div><\/div><\/div><\/div><\/div><\/div><\/div><div class=\"vc_wpb_row_inner  \"><div class=\"vc_row wpb_row vc_row-fluid row-container\"><div class=\"container\"><div class=\"row \"><div class=\"wpb_column vc_column_container vc_col-sm-4\"><div class=\"vc_column-inner\"><div class=\"wpb_wrapper\">\n\t<div class=\"wpb_text_column wpb_content_element \" >\n\t\t<div class=\"wpb_wrapper\">\n\t\t\t<p><img loading=\"lazy\" decoding=\"async\" class=\"alignnone wp-image-3513 size-medium\" src=\"https:\/\/cadone.it\/wp-content\/uploads\/2024\/03\/cad-750x500.jpeg\" alt=\"\" width=\"750\" height=\"500\" \/><\/p>\n<div class=\"kvgmc6g5 cxmmr5t8 oygrvhab hcukyx3x c1et5uql ii04i59q\">\n<div dir=\"auto\">\n<p>Il nuovo codice degli appalti (D.Lgs 36\/2023) sui piccoli comuni, ha portato alla luce le sfide e la necessit\u00e0 di formazione del personale. Si discute dell&#8217;opportunit\u00e0 di introdurre nuove norme in un momento in cui si stanno implementando importanti progetti PNRR.<\/p>\n<p>? Crescita sostenibile ed efficienza<br \/>\nLa digitalizzazione non \u00e8 solo una necessit\u00e0, ma un motore di crescita. Vogliamo aiutare i piccoli comuni ad adottare tecnologie avanzate per migliorare l&#8217;efficienza, ridurre i costi e fornire servizi pi\u00f9 accessibili ai cittadini!<\/p>\n<\/div>\n<\/div>\n\n\t\t<\/div>\n\t<\/div>\n<\/div><\/div><\/div><div class=\"wpb_column vc_column_container vc_col-sm-4\"><div class=\"vc_column-inner\"><div class=\"wpb_wrapper\">\n\t<div class=\"wpb_text_column wpb_content_element \" >\n\t\t<div class=\"wpb_wrapper\">\n\t\t\t<p><img loading=\"lazy\" decoding=\"async\" class=\"alignnone size-medium wp-image-3512\" src=\"https:\/\/cadone.it\/wp-content\/uploads\/2024\/03\/1704798610025-750x500.jpeg\" alt=\"\" width=\"750\" height=\"500\" \/>? Organizza i tuoi documenti digitalizzati in modo efficiente seguendo questi consigli pratici:<\/p>\n<p>&#8211; Adotta una nomenclatura standard per facilitare la ricerca<br \/>\n&#8211; Organizza i file in categorie e sottocategorie, e arricchisci i documenti con metadata e tag<br \/>\n&#8211; Sfrutta le potenzialit\u00e0 del cloud per l&#8217;archiviazione accessibile da qualsiasi dispositivo e assicurati di effettuare backup regolari<br \/>\n&#8211; Forma il tuo team sull&#8217;importanza dell&#8217;organizzazione digitale e considera l&#8217;uso di strumenti avanzati di ricerca e controllo degli accessi<\/p>\n<p>Riduci il cartaceo, aggiorna regolarmente il sistema e assicurati che la gestione documentale sia efficiente e sicura! ?<\/p>\n<p><a href=\"https:\/\/www.linkedin.com\/feed\/hashtag\/?keywords=digitalizzazionedocumentale&amp;highlightedUpdateUrns=urn%3Ali%3Aactivity%3A7150443639913996288\" data-attribute-index=\"0\">#digitalizzazionedocumentale<\/a>\u00a0<a href=\"https:\/\/www.linkedin.com\/feed\/hashtag\/?keywords=transizionegiditale&amp;highlightedUpdateUrns=urn%3Ali%3Aactivity%3A7150443639913996288\" data-attribute-index=\"1\">#transizionegiditale<\/a><\/p>\n\n\t\t<\/div>\n\t<\/div>\n<\/div><\/div><\/div><div class=\"wpb_column vc_column_container vc_col-sm-4\"><div class=\"vc_column-inner\"><div class=\"wpb_wrapper\">\n\t<div class=\"wpb_text_column wpb_content_element \" >\n\t\t<div class=\"wpb_wrapper\">\n\t\t\t<div class=\"kvgmc6g5 cxmmr5t8 oygrvhab hcukyx3x c1et5uql ii04i59q\">\n<div dir=\"auto\"><span class=\"pq6dq46d tbxw36s4 knj5qynh kvgmc6g5 ditlmg2l oygrvhab nvdbi5me sf5mxxl7 gl3lb2sf hhz5lgdu\"><span class=\"x3nfvp2 x1j61x8r x1fcty0u xdj266r xhhsvwb xat24cr xgzva0m xxymvpz xlup9mm x1kky2od\"><img loading=\"lazy\" decoding=\"async\" class=\"alignnone wp-image-3511 size-medium\" src=\"https:\/\/cadone.it\/wp-content\/uploads\/2024\/03\/IMG_0702-750x500.jpg\" alt=\"\" width=\"750\" height=\"500\" \/><\/span><\/span><\/div>\n<div dir=\"auto\">\n<p><a href=\"https:\/\/www.linkedin.com\/company\/re_piemonte\/\" data-attribute-index=\"0\" data-entity-type=\"MINI_COMPANY\">R\u00e9seau Entreprendre Piemonte<\/a>\u00a0in collaborazione con\u00a0<a href=\"https:\/\/www.linkedin.com\/company\/escp-business-school\/\" data-attribute-index=\"2\" data-entity-type=\"MINI_COMPANY\">ESCP Business School<\/a>\u00a0Torino e con l\u2019impulso e sostegno della\u00a0<a href=\"https:\/\/www.linkedin.com\/company\/fondazione-compagnia-di-san-paolo\/\" data-attribute-index=\"4\" data-entity-type=\"MINI_COMPANY\">Fondazione Compagnia di San Paolo<\/a>, ha promosso la\u00a0call for application rivolta ad enti no profit, aziende e startup per partecipare ai Collective Project 2023\/2024.<\/p>\n<p>CADONE \u00e8 stata selezionata per partecipare all&#8217;iniziativa e noi ne siamo super orgogliose! \u2728<\/p>\n<p>Oggi abbiamo avuto il primo incontro con gli studenti nella nostra sede e abbiamo raccontato loro come l&#8217;azienda \u00e8 strutturata e le varie mansioni del nostro staff. Non vediamo l&#8217;ora di vedere i prossimi step del progetto!<\/p>\n<\/div>\n<\/div>\n\n\t\t<\/div>\n\t<\/div>\n<\/div><\/div><\/div><\/div><\/div><\/div><\/div><div class=\"vc_wpb_row_inner  \"><div class=\"vc_row wpb_row vc_row-fluid row-container\"><div class=\"container\"><div class=\"row \"><div class=\"wpb_column vc_column_container vc_col-sm-4\"><div class=\"vc_column-inner\"><div class=\"wpb_wrapper\">\n\t<div class=\"wpb_text_column wpb_content_element \" >\n\t\t<div class=\"wpb_wrapper\">\n\t\t\t<p><img loading=\"lazy\" decoding=\"async\" class=\"alignnone wp-image-3465 size-medium\" src=\"https:\/\/cadone.it\/wp-content\/uploads\/2023\/07\/Screenshot-2023-07-17-alle-14.32.22-750x500.png\" alt=\"\" width=\"750\" height=\"500\" \/><\/p>\n<div class=\"kvgmc6g5 cxmmr5t8 oygrvhab hcukyx3x c1et5uql ii04i59q\">\n<div dir=\"auto\"><span class=\"pq6dq46d tbxw36s4 knj5qynh kvgmc6g5 ditlmg2l oygrvhab nvdbi5me sf5mxxl7 gl3lb2sf hhz5lgdu\">Buona estate da CAD ONE!<\/span><\/div>\n<div dir=\"auto\">Tranne luned\u00ec 14 e marted\u00ec 15 agosto ci troverete sempre e con i soliti orari: dal luned\u00ec al venerd\u00ec dalle 9 alle 13 e dalle 14 alle 18.<\/div>\n<\/div>\n<div class=\"cxmmr5t8 oygrvhab hcukyx3x c1et5uql o9v6fnle ii04i59q\">\n<div dir=\"auto\">Vi aspettiamo!<\/div>\n<\/div>\n\n\t\t<\/div>\n\t<\/div>\n<\/div><\/div><\/div><div class=\"wpb_column vc_column_container vc_col-sm-4\"><div class=\"vc_column-inner\"><div class=\"wpb_wrapper\">\n\t<div class=\"wpb_text_column wpb_content_element \" >\n\t\t<div class=\"wpb_wrapper\">\n\t\t\t<p>Nei giorni scorsi la sezione biellese di <strong>R\u00e9seau Entreprendre Piemonte<\/strong> ha convalidato il primo progetto di impresa supportato dalla sezione locale.<\/p>\n<p>\u201cUna delle caratteristiche del modello R\u00e9seau \u00e8 la\u00a0territorialit\u00e0: lavoriamo con imprenditori del territorio per supportare la nascita di nuova impresa locale, animati dallo spirito di gratuit\u00e0 e restituzione di valore.\u00a0Puntiamo molto sulla sezione locale di Biella\u00a0che sino ad oggi si \u00e8 distinta per dinamismo e forte coinvolgimento sia degli imprenditori mentori che delle startup intercettate e accompagnate\u201d.\u00a0&#8211; <strong>Tiziana Varetto<\/strong>,\u00a0delegata alla sezione biellese del Consiglio di R\u00e9seau Entreprendre Piemonte<\/p>\n<p><a href=\"https:\/\/www.ui.biella.it\/notizia\/38918\/reseau-entreprendre-piemonte-il-comitato-della\/\">https:\/\/www.ui.biella.it\/notizia\/38918\/reseau-entreprendre-piemonte-il-comitato-della\/<\/a><\/p>\n\n\t\t<\/div>\n\t<\/div>\n<\/div><\/div><\/div><div class=\"wpb_column vc_column_container vc_col-sm-4\"><div class=\"vc_column-inner\"><div class=\"wpb_wrapper\">\n\t<div class=\"wpb_text_column wpb_content_element \" >\n\t\t<div class=\"wpb_wrapper\">\n\t\t\t<div class=\"kvgmc6g5 cxmmr5t8 oygrvhab hcukyx3x c1et5uql ii04i59q\">\n<div dir=\"auto\"><span class=\"pq6dq46d tbxw36s4 knj5qynh kvgmc6g5 ditlmg2l oygrvhab nvdbi5me sf5mxxl7 gl3lb2sf hhz5lgdu\"><span class=\"x3nfvp2 x1j61x8r x1fcty0u xdj266r xhhsvwb xat24cr xgzva0m xxymvpz xlup9mm x1kky2od\"><img loading=\"lazy\" decoding=\"async\" class=\"alignnone size-medium wp-image-3462\" src=\"https:\/\/cadone.it\/wp-content\/uploads\/2023\/05\/Screenshot-2023-05-22-alle-11.42.25-750x500.png\" alt=\"\" width=\"750\" height=\"500\" \/><\/span><\/span><\/div>\n<div dir=\"auto\">Venerd\u00ec 19 maggio, CAD ONE ha partecipato alla sesta edizione di <strong>Bollino Etico e Sociale<\/strong>, al Relais Convento Cremona. Il fondatore del metodo, <strong>Ivan Foina,<\/strong> \u00e8 un collega socio del <strong>Consorzio Oierre<\/strong>. I relatori che si sono alternati sul palco sono stati <strong>Damiano Tullio, Julia Rajacic, Silvia Pittarello, Paolo Torregrossa, Serena Crocco, Serena Giacomin <\/strong>e<strong> Federico Taddia, <\/strong>e durante tutta la conferenza tre interpreti del linguaggio dei segni hanno contribuito a rendere il dialogo accessibile a tutti.<\/div>\n<\/div>\n\n\t\t<\/div>\n\t<\/div>\n<\/div><\/div><\/div><\/div><\/div><\/div><\/div><div class=\"vc_wpb_row_inner  \"><div class=\"vc_row wpb_row vc_row-fluid row-container\"><div class=\"container\"><div class=\"row \"><div class=\"wpb_column vc_column_container vc_col-sm-4\"><div class=\"vc_column-inner\"><div class=\"wpb_wrapper\">\n\t<div class=\"wpb_text_column wpb_content_element \" >\n\t\t<div class=\"wpb_wrapper\">\n\t\t\t<p><img loading=\"lazy\" decoding=\"async\" class=\"alignnone size-medium wp-image-3450\" src=\"https:\/\/cadone.it\/wp-content\/uploads\/2023\/01\/Screenshot-2023-01-17-alle-11.01.05-750x500.png\" alt=\"\" width=\"750\" height=\"500\" \/><\/p>\n<p><span class=\"x3nfvp2 x1j61x8r x1fcty0u xdj266r xhhsvwb xat24cr xgzva0m xxymvpz xlup9mm x1kky2od\"><img loading=\"lazy\" decoding=\"async\" src=\"https:\/\/static.xx.fbcdn.net\/images\/emoji.php\/v9\/te8\/3\/16\/1f310.png\" alt=\"?\" width=\"16\" height=\"16\" \/><\/span> Dipartimento per la trasformazione digitale dichiara: &#8220;L\u2019obiettivo \u00e8 rendere la Pubblica Amministrazione la migliore \u201calleata\u201d di cittadini e imprese, con un\u2019offerta di servizi sempre pi\u00f9 efficienti e facilmente accessibili&#8221;.<\/p>\n\n\t\t<\/div>\n\t<\/div>\n<\/div><\/div><\/div><div class=\"wpb_column vc_column_container vc_col-sm-4\"><div class=\"vc_column-inner\"><div class=\"wpb_wrapper\">\n\t<div class=\"wpb_text_column wpb_content_element \" >\n\t\t<div class=\"wpb_wrapper\">\n\t\t\t<div class=\"kvgmc6g5 cxmmr5t8 oygrvhab hcukyx3x c1et5uql ii04i59q\">\n<div dir=\"auto\"><span class=\"pq6dq46d tbxw36s4 knj5qynh kvgmc6g5 ditlmg2l oygrvhab nvdbi5me sf5mxxl7 gl3lb2sf hhz5lgdu\"><img loading=\"lazy\" decoding=\"async\" class=\"alignnone size-medium wp-image-3421\" src=\"https:\/\/cadone.it\/wp-content\/uploads\/2022\/10\/Schermata-2022-10-25-alle-09.24.41-750x500.png\" alt=\"\" width=\"750\" height=\"500\" \/><span class=\"x3nfvp2 x1j61x8r x1fcty0u xdj266r xhhsvwb xat24cr xgzva0m xxymvpz xlup9mm x1kky2od\"><img loading=\"lazy\" decoding=\"async\" src=\"https:\/\/static.xx.fbcdn.net\/images\/emoji.php\/v9\/tc7\/3\/16\/1f342.png\" alt=\"?\" width=\"16\" height=\"16\" \/> <\/span>Luned\u00ec 31 ottobre CAD ONE rimarr\u00e0 chiusa. Ci vediamo mercoled\u00ec 2! <img loading=\"lazy\" decoding=\"async\" src=\"https:\/\/static.xx.fbcdn.net\/images\/emoji.php\/v9\/t38\/3\/16\/1f44b.png\" alt=\"?\" width=\"16\" height=\"16\" \/><\/span><\/div>\n<\/div>\n\n\t\t<\/div>\n\t<\/div>\n<\/div><\/div><\/div><div class=\"wpb_column vc_column_container vc_col-sm-4\"><div class=\"vc_column-inner\"><div class=\"wpb_wrapper\">\n\t<div class=\"wpb_text_column wpb_content_element \" >\n\t\t<div class=\"wpb_wrapper\">\n\t\t\t<p><img loading=\"lazy\" decoding=\"async\" class=\"alignnone size-medium wp-image-3408\" src=\"https:\/\/cadone.it\/wp-content\/uploads\/2022\/07\/Orari-estivi-750x500.png\" alt=\"\" width=\"750\" height=\"500\" \/><\/p>\n<div class=\"kvgmc6g5 cxmmr5t8 oygrvhab hcukyx3x c1et5uql ii04i59q\">\n<div dir=\"auto\"><span class=\"pq6dq46d tbxw36s4 knj5qynh kvgmc6g5 ditlmg2l oygrvhab nvdbi5me sf5mxxl7 gl3lb2sf hhz5lgdu\"><img loading=\"lazy\" decoding=\"async\" src=\"https:\/\/static.xx.fbcdn.net\/images\/emoji.php\/v9\/tc7\/3\/16\/1f980.png\" alt=\"?\" width=\"16\" height=\"16\" \/><\/span> Ecco i nostri orari estivi!<\/div>\n<div dir=\"auto\">Tranne luned\u00ec 15 agosto e marted\u00ec 16 ci troverete sempre e con i soliti orari: dal luned\u00ec al venerd\u00ec dalle 9 alle 13 e dalle 14 alle 18.<\/div>\n<\/div>\n<div class=\"cxmmr5t8 oygrvhab hcukyx3x c1et5uql o9v6fnle ii04i59q\">\n<div dir=\"auto\">Vi aspettiamo!<\/div>\n<\/div>\n\n\t\t<\/div>\n\t<\/div>\n<\/div><\/div><\/div><\/div><\/div><\/div><\/div><div class=\"vc_wpb_row_inner  \"><div class=\"vc_row wpb_row vc_row-fluid row-container\"><div class=\"container\"><div class=\"row \"><div class=\"wpb_column vc_column_container vc_col-sm-4\"><div class=\"vc_column-inner\"><div class=\"wpb_wrapper\">\n\t<div class=\"wpb_text_column wpb_content_element \" >\n\t\t<div class=\"wpb_wrapper\">\n\t\t\t<p><img loading=\"lazy\" decoding=\"async\" class=\"alignnone size-medium wp-image-3400\" src=\"https:\/\/cadone.it\/wp-content\/uploads\/2022\/05\/Schermata-2022-05-31-alle-09.27.50-750x500.png\" alt=\"\" width=\"750\" height=\"500\" \/>?\u00a0Vi avvisiamo che Venerd\u00ec 3 giugno, gli uffici di CAD ONE saranno chiusi: ci vediamo il 6!<\/p>\n<p><strong class=\"ql-hashtag\">#CADONE<\/strong>\u00a0<strong class=\"ql-hashtag\">#chiusurastraordinaria<\/strong><\/p>\n\n\t\t<\/div>\n\t<\/div>\n<\/div><\/div><\/div><div class=\"wpb_column vc_column_container vc_col-sm-4\"><div class=\"vc_column-inner\"><div class=\"wpb_wrapper\">\n\t<div class=\"wpb_text_column wpb_content_element \" >\n\t\t<div class=\"wpb_wrapper\">\n\t\t\t<div class=\"kvgmc6g5 cxmmr5t8 oygrvhab hcukyx3x c1et5uql ii04i59q\">\n<div dir=\"auto\"><span class=\"pq6dq46d tbxw36s4 knj5qynh kvgmc6g5 ditlmg2l oygrvhab nvdbi5me sf5mxxl7 gl3lb2sf hhz5lgdu\"><img loading=\"lazy\" decoding=\"async\" class=\"alignnone size-medium wp-image-3401\" src=\"https:\/\/cadone.it\/wp-content\/uploads\/2022\/05\/Schermata-2022-05-17-alle-10.39.47-750x500.png\" alt=\"\" width=\"750\" height=\"500\" \/><img loading=\"lazy\" decoding=\"async\" src=\"https:\/\/static.xx.fbcdn.net\/images\/emoji.php\/v9\/td6\/3\/16\/1f4d0.png\" alt=\"?\" width=\"16\" height=\"16\" \/><\/span>\u00a0Repowering BT MT e Fibra Ottica: il team di CAD ONE ha concluso la progettazione esecutiva di diverse dorsali nella citt\u00e0 di Torino e nell\u2019interland milanese.<\/div>\n<\/div>\n<div class=\"cxmmr5t8 oygrvhab hcukyx3x c1et5uql o9v6fnle ii04i59q\">\n<div dir=\"auto\"><a class=\"oajrlxb2 g5ia77u1 qu0x051f esr5mh6w e9989ue4 r7d6kgcz rq0escxv nhd2j8a9 nc684nl6 p7hjln8o kvgmc6g5 cxmmr5t8 oygrvhab hcukyx3x jb3vyjys rz4wbd8a qt6c0cv9 a8nywdso i1ao9s8h esuyzwwr f1sip0of lzcic4wl gpro0wi8 q66pz984 b1v8xokw\" tabindex=\"0\" role=\"link\" href=\"https:\/\/www.facebook.com\/hashtag\/repoweringbt?__eep__=6&amp;__cft__&#091;0&#093;=AZXr6ilhxfBHZZBabCEkiZvF6xAX1nACNceKNaUP1SJJqli3t4BlzikrjawRFbd_bg2BLWnblBHvvLEgGLvddUvvEp_4bAaSgZom-oLHaZSLWZL_bGtY1JvijOxpCNDObGORnfdWfHyrBwv_tBt7ZK31KPzTYS73k81co_STrgyEd3QfTfNGzg0J5EoPY30Y6mFeU56wwS0PHHMJfwcnV4A5&amp;__tn__=*NK-R\">#repoweringBT<\/a>\u00a0<a class=\"oajrlxb2 g5ia77u1 qu0x051f esr5mh6w e9989ue4 r7d6kgcz rq0escxv nhd2j8a9 nc684nl6 p7hjln8o kvgmc6g5 cxmmr5t8 oygrvhab hcukyx3x jb3vyjys rz4wbd8a qt6c0cv9 a8nywdso i1ao9s8h esuyzwwr f1sip0of lzcic4wl gpro0wi8 q66pz984 b1v8xokw\" tabindex=\"0\" role=\"link\" href=\"https:\/\/www.facebook.com\/hashtag\/fibraottica?__eep__=6&amp;__cft__&#091;0&#093;=AZXr6ilhxfBHZZBabCEkiZvF6xAX1nACNceKNaUP1SJJqli3t4BlzikrjawRFbd_bg2BLWnblBHvvLEgGLvddUvvEp_4bAaSgZom-oLHaZSLWZL_bGtY1JvijOxpCNDObGORnfdWfHyrBwv_tBt7ZK31KPzTYS73k81co_STrgyEd3QfTfNGzg0J5EoPY30Y6mFeU56wwS0PHHMJfwcnV4A5&amp;__tn__=*NK-R\">#fibraottica<\/a>\u00a0<a class=\"oajrlxb2 g5ia77u1 qu0x051f esr5mh6w e9989ue4 r7d6kgcz rq0escxv nhd2j8a9 nc684nl6 p7hjln8o kvgmc6g5 cxmmr5t8 oygrvhab hcukyx3x jb3vyjys rz4wbd8a qt6c0cv9 a8nywdso i1ao9s8h esuyzwwr f1sip0of lzcic4wl gpro0wi8 q66pz984 b1v8xokw\" tabindex=\"0\" role=\"link\" href=\"https:\/\/www.facebook.com\/hashtag\/torino?__eep__=6&amp;__cft__&#091;0&#093;=AZXr6ilhxfBHZZBabCEkiZvF6xAX1nACNceKNaUP1SJJqli3t4BlzikrjawRFbd_bg2BLWnblBHvvLEgGLvddUvvEp_4bAaSgZom-oLHaZSLWZL_bGtY1JvijOxpCNDObGORnfdWfHyrBwv_tBt7ZK31KPzTYS73k81co_STrgyEd3QfTfNGzg0J5EoPY30Y6mFeU56wwS0PHHMJfwcnV4A5&amp;__tn__=*NK-R\">#Torino<\/a>\u00a0<a class=\"oajrlxb2 g5ia77u1 qu0x051f esr5mh6w e9989ue4 r7d6kgcz rq0escxv nhd2j8a9 nc684nl6 p7hjln8o kvgmc6g5 cxmmr5t8 oygrvhab hcukyx3x jb3vyjys rz4wbd8a qt6c0cv9 a8nywdso i1ao9s8h esuyzwwr f1sip0of lzcic4wl gpro0wi8 q66pz984 b1v8xokw\" tabindex=\"0\" role=\"link\" href=\"https:\/\/www.facebook.com\/hashtag\/milano?__eep__=6&amp;__cft__&#091;0&#093;=AZXr6ilhxfBHZZBabCEkiZvF6xAX1nACNceKNaUP1SJJqli3t4BlzikrjawRFbd_bg2BLWnblBHvvLEgGLvddUvvEp_4bAaSgZom-oLHaZSLWZL_bGtY1JvijOxpCNDObGORnfdWfHyrBwv_tBt7ZK31KPzTYS73k81co_STrgyEd3QfTfNGzg0J5EoPY30Y6mFeU56wwS0PHHMJfwcnV4A5&amp;__tn__=*NK-R\">#Milano<\/a><\/div>\n<\/div>\n\n\t\t<\/div>\n\t<\/div>\n<\/div><\/div><\/div><div class=\"wpb_column vc_column_container vc_col-sm-4\"><div class=\"vc_column-inner\"><div class=\"wpb_wrapper\">\n\t<div class=\"wpb_text_column wpb_content_element \" >\n\t\t<div class=\"wpb_wrapper\">\n\t\t\t<div class=\"kvgmc6g5 cxmmr5t8 oygrvhab hcukyx3x c1et5uql ii04i59q\">\n<div dir=\"auto\"><span class=\"pq6dq46d tbxw36s4 knj5qynh kvgmc6g5 ditlmg2l oygrvhab nvdbi5me sf5mxxl7 gl3lb2sf hhz5lgdu\"><img loading=\"lazy\" decoding=\"async\" class=\"alignnone size-medium wp-image-3403\" src=\"https:\/\/cadone.it\/wp-content\/uploads\/2022\/05\/279355934_1086696918577121_1055075893321738181_n-750x500.jpeg\" alt=\"\" width=\"750\" height=\"500\" \/><\/span>? Per accedere al PNRR \u00e8 necessario registrarsi su IPA, il portale delle PA, ed autenticarsi con SPID o con la carta di identit\u00e0 elettronica. Successivamente si pu\u00f2 scegliere l&#8217;amministrazione di riferimento e completare la registrazione. Per avere visione di tutti i bandi\/avvisi legati al PNRR \u00e8 possibile, altrimenti, fare riferimento al portale del Governo \u201cItalia Domani\u201d.<br \/>\n<a href=\"https:\/\/www.linkedin.com\/feed\/hashtag\/?keywords=cadone&amp;highlightedUpdateUrns=urn%3Ali%3Aactivity%3A6924661837934329856\" data-attribute-index=\"0\">#CADONE<\/a>\u00a0<a href=\"https:\/\/www.linkedin.com\/feed\/hashtag\/?keywords=pnrr&amp;highlightedUpdateUrns=urn%3Ali%3Aactivity%3A6924661837934329856\" data-attribute-index=\"1\">#PNRR<\/a>\u00a0<a href=\"https:\/\/www.linkedin.com\/feed\/hashtag\/?keywords=pubblicaamministrazione&amp;highlightedUpdateUrns=urn%3Ali%3Aactivity%3A6924661837934329856\" data-attribute-index=\"2\">#PubblicaAmministrazione<\/a>\u00a0<a href=\"https:\/\/www.linkedin.com\/feed\/hashtag\/?keywords=ripresa&amp;highlightedUpdateUrns=urn%3Ali%3Aactivity%3A6924661837934329856\" data-attribute-index=\"3\">#ripresa<\/a>\u00a0<a href=\"https:\/\/www.linkedin.com\/feed\/hashtag\/?keywords=resilienza&amp;highlightedUpdateUrns=urn%3Ali%3Aactivity%3A6924661837934329856\" data-attribute-index=\"4\">#resilienza<\/a><\/div>\n<\/div>\n\n\t\t<\/div>\n\t<\/div>\n<\/div><\/div><\/div><\/div><\/div><\/div><\/div>\n","protected":false},"excerpt":{"rendered":"La gestione delle bolle di manomissione del suolo pubblico richiede precisione, conformit\u00e0 normativa e continuit\u00e0 operativa. CAD ONE si occupa dell\u2019intero processo: dalla compilazione alla gestione documentale, fino al coordinamento con gli enti competenti. Un servizio strutturato per garantire ordine, tracciabilit\u00e0 e rispetto delle procedure. CAD ONE gestisce il servizio in modo organizzato, assicurando una [...]","protected":false},"author":1,"featured_media":0,"parent":0,"menu_order":0,"comment_status":"closed","ping_status":"closed","template":"","meta":{"footnotes":""},"class_list":["post-1397","page","type-page","status-publish","hentry"],"_links":{"self":[{"href":"https:\/\/cadone.it\/en\/wp-json\/wp\/v2\/pages\/1397","targetHints":{"allow":["GET"]}}],"collection":[{"href":"https:\/\/cadone.it\/en\/wp-json\/wp\/v2\/pages"}],"about":[{"href":"https:\/\/cadone.it\/en\/wp-json\/wp\/v2\/types\/page"}],"author":[{"embeddable":true,"href":"https:\/\/cadone.it\/en\/wp-json\/wp\/v2\/users\/1"}],"replies":[{"embeddable":true,"href":"https:\/\/cadone.it\/en\/wp-json\/wp\/v2\/comments?post=1397"}],"version-history":[{"count":33,"href":"https:\/\/cadone.it\/en\/wp-json\/wp\/v2\/pages\/1397\/revisions"}],"predecessor-version":[{"id":3731,"href":"https:\/\/cadone.it\/en\/wp-json\/wp\/v2\/pages\/1397\/revisions\/3731"}],"wp:attachment":[{"href":"https:\/\/cadone.it\/en\/wp-json\/wp\/v2\/media?parent=1397"}],"curies":[{"name":"wp","href":"https:\/\/api.w.org\/{rel}","templated":true}]}}